{"id":14,"date":"2019-03-12T14:06:13","date_gmt":"2019-03-12T20:06:13","guid":{"rendered":"http:\/\/copplademun.imembrillos.gob.mx\/index.php\/copplademun-ixtlahuacan-de-los-membrillos-jalisco\/"},"modified":"2022-01-05T10:11:14","modified_gmt":"2022-01-05T16:11:14","slug":"copplademun-ixtlahuacan-de-los-membrillos-jalisco","status":"publish","type":"page","link":"http:\/\/copplademun.imembrillos.gob.mx\/","title":{"rendered":"COPPLADEMUN Ixtlahuac\u00e1n de los Membrillos, Jalisco"},"content":{"rendered":"<div class=\"so-widget-sow-editor so-widget-sow-editor-base\">\r\n<div class=\"siteorigin-widget-tinymce textwidget\">\r\n\t<h2 style=\"text-align: center;\">Convocatoria para participar en la consulta p\u00fablica para integrar el plan municipal de desarrollo y gobernanza de Ixtlahuac\u00e1n de los Membrillos. <\/h2>\r\n<h3 style=\"text-align: center;\">Del&nbsp;24 al 28 de Enero de 2022<\/h3>\r\n<hr>\r\n<p><span style=\"margin: 0px; color: black; font-family: 'Arial',sans-serif; font-size: 10.5pt;\">El Ayuntamiento Constitucional de Ixtlahuac\u00e1n de los Membrillos, Jalisco, a trav\u00e9s del Consejo de Participaci\u00f3n y Planeaci\u00f3n para el Desarrollo Municipal de Ixtlahuac\u00e1n de los Membrillos (COPPLADEMUN), con fundamento en los art\u00edculos 9, 10, 11, 44, 52 fracciones II, III, XI de la Ley de Planeaci\u00f3n Participativa para el Estado de Jalisco y sus Municipios.<\/span><b><span style=\"margin: 0px; color: black; font-family: 'Arial',sans-serif; font-size: 10.5pt;\">CONVOCA <\/span><\/b><span style=\"margin: 0px; color: black; font-family: 'Arial',sans-serif; font-size: 10.5pt;\">a los representantes de las asociaciones vecinales, los organismos p\u00fablicos, privados y sociales del municipio y a la ciudadan\u00eda en general a participar en la Consulta P\u00fablica para el Plan Municipal de Desarrollo y Gobernanza de Ixtlahuac\u00e1n de los Membrillos, Jalisco, que se llevar\u00e1 a cabo del 24 al 28 de Enero de 2022. (<a href=\"https:\/\/imembrillos.gob.mx\/Nuevo\/paginas-navbar-item.php?id=52\" target=\"_blank\" rel=\"noopener\">Descarga convocatoria<\/a>)<\/span><\/p>\r\n<hr>\r\n<p>&nbsp;<\/p>\r\n<\/div>\r\n<\/div>\r\n\r\n<div id=\"pl-14\"  class=\"panel-layout\" ><div id=\"pg-14-0\"  class=\"panel-grid panel-no-style\" ><div id=\"pgc-14-0-0\"  class=\"panel-grid-cell\"  data-weight=\"1\" ><div id=\"panel-14-0-0-0\" class=\"so-panel widget widget_archives widget_archive panel-first-child\" data-index=\"0\" data-style=\"{&quot;background_image_attachment&quot;:false,&quot;background_display&quot;:&quot;tile&quot;}\" ><h3 class=\"widget-title\">Copplademun 2021<\/h3>\t\t<label class=\"screen-reader-text\" for=\"archives-dropdown-2\">Copplademun 2021<\/label>\n\t\t<select id=\"archives-dropdown-2\" name=\"archive-dropdown\">\n\t\t\t\n\t\t\t<option value=\"\">Elegir el mes<\/option>\n\t\t\t\t<option value='http:\/\/copplademun.imembrillos.gob.mx\/index.php\/2021\/12\/'> diciembre 2021 <\/option>\n\t<option value='http:\/\/copplademun.imembrillos.gob.mx\/index.php\/2019\/03\/'> marzo 2019 <\/option>\n\n\t\t<\/select>\n\n\t\t\t<script type=\"text\/javascript\">\n\/* <![CDATA[ *\/\n\n(function() {\n\tvar dropdown = document.getElementById( \"archives-dropdown-2\" );\n\tfunction onSelectChange() {\n\t\tif ( dropdown.options[ dropdown.selectedIndex ].value !== '' ) {\n\t\t\tdocument.location.href = this.options[ this.selectedIndex ].value;\n\t\t}\n\t}\n\tdropdown.onchange = onSelectChange;\n})();\n\n\/* ]]> *\/\n<\/script>\n<\/div><div id=\"panel-14-0-0-1\" class=\"so-panel widget widget_sow-editor panel-last-child\" data-index=\"1\" data-style=\"{&quot;background_image_attachment&quot;:false,&quot;background_display&quot;:&quot;tile&quot;}\" ><div class=\"so-widget-sow-editor so-widget-sow-editor-base\">\r\n<div class=\"siteorigin-widget-tinymce textwidget\">\r\n\t<p><div id=\"pl-gb14-69f2038b38b14\"  class=\"panel-layout\" ><div id=\"pg-gb14-69f2038b38b14-0\"  class=\"panel-grid panel-no-style\" ><div id=\"pgc-gb14-69f2038b38b14-0-0\"  class=\"panel-grid-cell\" ><div id=\"panel-gb14-69f2038b38b14-0-0-0\" class=\"so-panel widget widget_sow-editor panel-first-child\" data-index=\"0\" ><div\n\t\t\t\n\t\t\tclass=\"so-widget-sow-editor so-widget-sow-editor-base\"\n\t\t\t\n\t\t>\n<div class=\"siteorigin-widget-tinymce textwidget\">\n\t<h2 style=\"text-align: center;\">CONSULTA P\u00daBLICA\u00a0PARA LA ACTUALIZACI\u00d3N DEL\u00a0PLAN MUNICIPAL DE DESARROLLO Y GOBERNANZA DE IXTLAHUACAN DE LOS MEMBRILLOS<\/h2>\n<h3 style=\"text-align: center;\">Del\u00a013 al 21 de Marzo de 2019<\/h3>\n<hr \/>\n<p><span style=\"margin: 0px; color: black; font-family: 'Arial',sans-serif; font-size: 10.5pt;\">El Ayuntamiento Constitucional de Ixtlahuac\u00e1n de los Membrillos, Jalisco, a trav\u00e9s del Consejo de Participaci\u00f3n y Planeaci\u00f3n para el Desarrollo Municipal de Ixtlahuac\u00e1n de los Membrillos (COPPLADEMUN), con fundamento en los art\u00edculos 9, 10, 11, 44, 52 fracciones II, III, XI de la Ley de Planeaci\u00f3n Participativa para el Estado de Jalisco y sus Municipios.<\/span><b><span style=\"margin: 0px; color: black; font-family: 'Arial',sans-serif; font-size: 10.5pt;\">CONVOCA <\/span><\/b><span style=\"margin: 0px; color: black; font-family: 'Arial',sans-serif; font-size: 10.5pt;\">a los representantes de las asociaciones vecinales, los organismos p\u00fablicos, privados y sociales del municipio y a la ciudadan\u00eda en general a participar en la Consulta P\u00fablica para el Plan Municipal de Desarrollo y Gobernanza de Ixtlahuac\u00e1n de los Membrillos, Jalisco, que se llevar\u00e1 a cabo del 13 al 21 de marzo de 2019. (<a href=\"http:\/\/copplademun.imembrillos.gob.mx\/wp-content\/uploads\/2019\/03\/Convocatoria-Foros-PMDG.pdf\" target=\"_blank\" rel=\"noopener\">Descarga convocatoria<\/a>)<\/span><\/p>\n<hr \/>\n<p>&nbsp;<\/p>\n<\/div>\n<\/div><\/div><div id=\"panel-gb14-69f2038b38b14-0-0-1\" class=\"so-panel widget widget_sow-editor panel-last-child\" data-index=\"1\" ><div\n\t\t\t\n\t\t\tclass=\"so-widget-sow-editor so-widget-sow-editor-base\"\n\t\t\t\n\t\t>\n<div class=\"siteorigin-widget-tinymce textwidget\">\n\t<h3 style=\"text-align: center;\"><strong>ENCUESTAS DE PARTICIPACI\u00d3N CIUDADANA<\/strong><\/h3>\n<p><span style=\"margin: 0px; color: black; line-height: 107%; font-family: 'Arial',sans-serif; font-size: 10.5pt;\">A trav\u00e9s de este portal se pondr\u00e1 participar mediante encuestas que tendr\u00e1n como objetivo propiciar la participaci\u00f3n de los ciudadanos y de los diversos sectores organizados del municipio para impulsar el desarrollo sustentable del territorio, la econom\u00eda y la sociedad de Ixtlahuac\u00e1n de los Membrillos en los pr\u00f3ximos a\u00f1os. Las encuestas abordar\u00e1n seis \u00e1reas tem\u00e1ticas generales, a las cuales se tiene acceso a continuaci\u00f3n, recuerda que puedes dar tu opini\u00f3n en varios temas de tu interes:<\/span><\/p>\n<\/div>\n<\/div><\/div><\/div><\/div><div id=\"pg-gb14-69f2038b38b14-1\"  class=\"panel-grid panel-no-style\" ><div id=\"pgc-gb14-69f2038b38b14-1-0\"  class=\"panel-grid-cell\" ><div id=\"panel-gb14-69f2038b38b14-1-0-0\" class=\"so-panel widget widget_sow-editor panel-first-child panel-last-child\" data-index=\"2\" ><div\n\t\t\t\n\t\t\tclass=\"so-widget-sow-editor so-widget-sow-editor-base\"\n\t\t\t\n\t\t>\n<div class=\"siteorigin-widget-tinymce textwidget\">\n\t<h2 style=\"text-align: center;\"><a href=\"http:\/\/copplademun.imembrillos.gob.mx\/index.php\/1-gestion-publica\/\"><span style=\"text-decoration: underline;\">1. Gesti\u00f3n P\u00fablica<\/span><\/a><\/h2>\n<p>&nbsp;<\/p>\n<p>Este eje contempla los temas referentes a:<\/p>\n<p><span style=\"display: inline !important; float: none; background-color: transparent; color: #777777; cursor: text; font-family: 'Open Sans',Helvetica,Arial,sans-serif; font-size: 14.86px; font-style: normal; font-variant: normal; font-weight: 400; letter-spacing: normal; orphans: 2; text-align: left; text-decoration: none; text-indent: 0px; text-transform: none; -webkit-text-stroke-width: 0px; white-space: normal; word-spacing: 0px;\">a. Regidores; \u00d3rgano Ejecutivo Municipal (Ayuntamiento)<\/span><br \/>\n<span style=\"display: inline !important; float: none; background-color: transparent; color: #777777; cursor: text; font-family: 'Open Sans',Helvetica,Arial,sans-serif; font-size: 14.86px; font-style: normal; font-variant: normal; font-weight: 400; letter-spacing: normal; orphans: 2; text-align: left; text-decoration: none; text-indent: 0px; text-transform: none; -webkit-text-stroke-width: 0px; white-space: normal; word-spacing: 0px;\">b. Presidencia Municipal<\/span><br \/>\n<span style=\"display: inline !important; float: none; background-color: transparent; color: #777777; cursor: text; font-family: 'Open Sans',Helvetica,Arial,sans-serif; font-size: 14.86px; font-style: normal; font-variant: normal; font-weight: 400; letter-spacing: normal; orphans: 2; text-align: left; text-decoration: none; text-indent: 0px; text-transform: none; -webkit-text-stroke-width: 0px; white-space: normal; word-spacing: 0px;\">c. Tesorer\u00eda<\/span><br \/>\n<span style=\"display: inline !important; float: none; background-color: transparent; color: #777777; cursor: text; font-family: 'Open Sans',Helvetica,Arial,sans-serif; font-size: 14.86px; font-style: normal; font-variant: normal; font-weight: 400; letter-spacing: normal; orphans: 2; text-align: left; text-decoration: none; text-indent: 0px; text-transform: none; -webkit-text-stroke-width: 0px; white-space: normal; word-spacing: 0px;\">d. Asuntos internos<\/span><br \/>\n<span style=\"display: inline !important; float: none; background-color: transparent; color: #777777; cursor: text; font-family: 'Open Sans',Helvetica,Arial,sans-serif; font-size: 14.86px; font-style: normal; font-variant: normal; font-weight: 400; letter-spacing: normal; orphans: 2; text-align: left; text-decoration: none; text-indent: 0px; text-transform: none; -webkit-text-stroke-width: 0px; white-space: normal; word-spacing: 0px;\">e. Sindicatura<\/span><br \/>\n<span style=\"display: inline !important; float: none; background-color: transparent; color: #777777; cursor: text; font-family: 'Open Sans',Helvetica,Arial,sans-serif; font-size: 14.86px; font-style: normal; font-variant: normal; font-weight: 400; letter-spacing: normal; orphans: 2; text-align: left; text-decoration: none; text-indent: 0px; text-transform: none; -webkit-text-stroke-width: 0px; white-space: normal; word-spacing: 0px;\">f. Contralor\u00eda<\/span><br \/>\n<span style=\"display: inline !important; float: none; background-color: transparent; color: #777777; cursor: text; font-family: 'Open Sans',Helvetica,Arial,sans-serif; font-size: 14.86px; font-style: normal; font-variant: normal; font-weight: 400; letter-spacing: normal; orphans: 2; text-align: left; text-decoration: none; text-indent: 0px; text-transform: none; -webkit-text-stroke-width: 0px; white-space: normal; word-spacing: 0px;\">g. Oficial\u00eda Mayor Administrativa<\/span><br \/>\n<span style=\"display: inline !important; float: none; background-color: transparent; color: #777777; cursor: text; font-family: 'Open Sans',Helvetica,Arial,sans-serif; font-size: 14.86px; font-style: normal; font-variant: normal; font-weight: 400; letter-spacing: normal; orphans: 2; text-align: left; text-decoration: none; text-indent: 0px; text-transform: none; -webkit-text-stroke-width: 0px; white-space: normal; word-spacing: 0px;\">h. Registro Civil<\/span><br \/>\n<span style=\"display: inline !important; float: none; background-color: transparent; color: #777777; cursor: text; font-family: 'Open Sans',Helvetica,Arial,sans-serif; font-size: 14.86px; font-style: normal; font-variant: normal; font-weight: 400; letter-spacing: normal; orphans: 2; text-align: left; text-decoration: none; text-indent: 0px; text-transform: none; -webkit-text-stroke-width: 0px; white-space: normal; word-spacing: 0px;\">i. Catastro<\/span><br \/>\n<span style=\"display: inline !important; float: none; background-color: transparent; color: #777777; cursor: text; font-family: 'Open Sans',Helvetica,Arial,sans-serif; font-size: 14.86px; font-style: normal; font-variant: normal; font-weight: 400; letter-spacing: normal; orphans: 2; text-align: left; text-decoration: none; text-indent: 0px; text-transform: none; -webkit-text-stroke-width: 0px; white-space: normal; word-spacing: 0px;\">j. Parque Vehicular<\/span><br \/>\n<span style=\"display: inline !important; float: none; background-color: transparent; color: #777777; cursor: text; font-family: 'Open Sans',Helvetica,Arial,sans-serif; font-size: 14.86px; font-style: normal; font-variant: normal; font-weight: 400; letter-spacing: normal; orphans: 2; text-align: left; text-decoration: none; text-indent: 0px; text-transform: none; -webkit-text-stroke-width: 0px; white-space: normal; word-spacing: 0px;\">k. Transparencia<\/span><\/p>\n<p><a href=\"http:\/\/copplademun.imembrillos.gob.mx\/index.php\/1-gestion-publica\/\">ir a encuesta<\/a><\/p>\n<\/div>\n<\/div><\/div><\/div><div id=\"pgc-gb14-69f2038b38b14-1-1\"  class=\"panel-grid-cell panel-grid-cell-empty\" ><\/div><div id=\"pgc-gb14-69f2038b38b14-1-2\"  class=\"panel-grid-cell\" ><div id=\"panel-gb14-69f2038b38b14-1-2-0\" class=\"so-panel widget widget_sow-editor panel-first-child panel-last-child\" data-index=\"3\" ><div\n\t\t\t\n\t\t\tclass=\"so-widget-sow-editor so-widget-sow-editor-base\"\n\t\t\t\n\t\t>\n<div class=\"siteorigin-widget-tinymce textwidget\">\n\t<h2 style=\"text-align: center;\"><a href=\"http:\/\/copplademun.imembrillos.gob.mx\/index.php\/2-desarrollo-economico\/\"><span style=\"text-decoration: underline;\">2. Desarrollo Econ\u00f3mico<\/span><\/a><\/h2>\n<p><span style=\"display: inline !important; float: none; background-color: transparent; color: #777777; font-family: 'Open Sans',Helvetica,Arial,sans-serif; font-size: 14.86px; font-style: normal; font-variant: normal; font-weight: 400; letter-spacing: normal; orphans: 2; text-align: left; text-decoration: none; text-indent: 0px; text-transform: none; -webkit-text-stroke-width: 0px; white-space: normal; word-spacing: 0px;\">Este eje contempla los temas referentes a:<\/span><br \/>\n<span style=\"display: inline !important; float: none; background-color: transparent; color: #777777; cursor: text; font-family: 'Open Sans',Helvetica,Arial,sans-serif; font-size: 14.86px; font-style: normal; font-variant: normal; font-weight: 400; letter-spacing: normal; orphans: 2; text-align: left; text-decoration: none; text-indent: 0px; text-transform: none; -webkit-text-stroke-width: 0px; white-space: normal; word-spacing: 0px;\">a. Promoci\u00f3n Econ\u00f3mica<\/span><br \/>\n<span style=\"display: inline !important; float: none; background-color: transparent; color: #777777; cursor: text; font-family: 'Open Sans',Helvetica,Arial,sans-serif; font-size: 14.86px; font-style: normal; font-variant: normal; font-weight: 400; letter-spacing: normal; orphans: 2; text-align: left; text-decoration: none; text-indent: 0px; text-transform: none; -webkit-text-stroke-width: 0px; white-space: normal; word-spacing: 0px;\">b. Turismo<\/span><br \/>\n<span style=\"display: inline !important; float: none; background-color: transparent; color: #777777; cursor: text; font-family: 'Open Sans',Helvetica,Arial,sans-serif; font-size: 14.86px; font-style: normal; font-variant: normal; font-weight: 400; letter-spacing: normal; orphans: 2; text-align: left; text-decoration: none; text-indent: 0px; text-transform: none; -webkit-text-stroke-width: 0px; white-space: normal; word-spacing: 0px;\">c. Vialidad<\/span><br \/>\n<span style=\"display: inline !important; float: none; background-color: transparent; color: #777777; cursor: text; font-family: 'Open Sans',Helvetica,Arial,sans-serif; font-size: 14.86px; font-style: normal; font-variant: normal; font-weight: 400; letter-spacing: normal; orphans: 2; text-align: left; text-decoration: none; text-indent: 0px; text-transform: none; -webkit-text-stroke-width: 0px; white-space: normal; word-spacing: 0px;\">d. Participaci\u00f3n Ciudadana<\/span><br \/>\n<span style=\"display: inline !important; float: none; background-color: transparent; color: #777777; cursor: text; font-family: 'Open Sans',Helvetica,Arial,sans-serif; font-size: 14.86px; font-style: normal; font-variant: normal; font-weight: 400; letter-spacing: normal; orphans: 2; text-align: left; text-decoration: none; text-indent: 0px; text-transform: none; -webkit-text-stroke-width: 0px; white-space: normal; word-spacing: 0px;\">e. Parques y jardines<\/span><br \/>\n<span style=\"display: inline !important; float: none; background-color: transparent; color: #777777; cursor: text; font-family: 'Open Sans',Helvetica,Arial,sans-serif; font-size: 14.86px; font-style: normal; font-variant: normal; font-weight: 400; letter-spacing: normal; orphans: 2; text-align: left; text-decoration: none; text-indent: 0px; text-transform: none; -webkit-text-stroke-width: 0px; white-space: normal; word-spacing: 0px;\">f. Alumbrado P\u00fablico<\/span><br \/>\n<span style=\"display: inline !important; float: none; background-color: transparent; color: #777777; cursor: text; font-family: 'Open Sans',Helvetica,Arial,sans-serif; font-size: 14.86px; font-style: normal; font-variant: normal; font-weight: 400; letter-spacing: normal; orphans: 2; text-align: left; text-decoration: none; text-indent: 0px; text-transform: none; -webkit-text-stroke-width: 0px; white-space: normal; word-spacing: 0px;\">g. Comunicaci\u00f3n Social<\/span><br \/>\n<span style=\"display: inline !important; float: none; background-color: transparent; color: #777777; cursor: text; font-family: 'Open Sans',Helvetica,Arial,sans-serif; font-size: 14.86px; font-style: normal; font-variant: normal; font-weight: 400; letter-spacing: normal; orphans: 2; text-align: left; text-decoration: none; text-indent: 0px; text-transform: none; -webkit-text-stroke-width: 0px; white-space: normal; word-spacing: 0px;\">h. Aseo P\u00fablico<\/span><br \/>\n<span style=\"display: inline !important; float: none; background-color: transparent; color: #777777; cursor: text; font-family: 'Open Sans',Helvetica,Arial,sans-serif; font-size: 14.86px; font-style: normal; font-variant: normal; font-weight: 400; letter-spacing: normal; orphans: 2; text-align: left; text-decoration: none; text-indent: 0px; text-transform: none; -webkit-text-stroke-width: 0px; white-space: normal; word-spacing: 0px;\">i.\u00a0Desarrollo Agropecuario<\/span><br \/>\n<span style=\"display: inline !important; float: none; background-color: transparent; color: #777777; cursor: text; font-family: 'Open Sans',Helvetica,Arial,sans-serif; font-size: 14.86px; font-style: normal; font-variant: normal; font-weight: 400; letter-spacing: normal; orphans: 2; text-align: left; text-decoration: none; text-indent: 0px; text-transform: none; -webkit-text-stroke-width: 0px; white-space: normal; word-spacing: 0px;\">j.\u00a0Padr\u00f3n y Licencias<\/span><br \/>\n<span style=\"display: inline !important; float: none; background-color: transparent; color: #777777; cursor: text; font-family: 'Open Sans',Helvetica,Arial,sans-serif; font-size: 14.86px; font-style: normal; font-variant: normal; font-weight: 400; letter-spacing: normal; orphans: 2; text-align: left; text-decoration: none; text-indent: 0px; text-transform: none; -webkit-text-stroke-width: 0px; white-space: normal; word-spacing: 0px;\">k. Inform\u00e1tica<\/span><br \/>\n<span style=\"display: inline !important; float: none; background-color: transparent; color: #777777; cursor: text; font-family: 'Open Sans',Helvetica,Arial,sans-serif; font-size: 14.86px; font-style: normal; font-variant: normal; font-weight: 400; letter-spacing: normal; orphans: 2; text-align: left; text-decoration: none; text-indent: 0px; text-transform: none; -webkit-text-stroke-width: 0px; white-space: normal; word-spacing: 0px;\">l.\u00a0Ganader\u00eda<\/span><br \/>\n<span style=\"display: inline !important; float: none; background-color: transparent; color: #777777; cursor: text; font-family: 'Open Sans',Helvetica,Arial,sans-serif; font-size: 14.86px; font-style: normal; font-variant: normal; font-weight: 400; letter-spacing: normal; orphans: 2; text-align: left; text-decoration: none; text-indent: 0px; text-transform: none; -webkit-text-stroke-width: 0px; white-space: normal; word-spacing: 0px;\">m. Rastro Municipal<\/span><\/p>\n<p><a href=\"http:\/\/copplademun.imembrillos.gob.mx\/index.php\/2-desarrollo-economico\/\">ir a encuesta<\/a><\/p>\n<\/div>\n<\/div><\/div><\/div><div id=\"pgc-gb14-69f2038b38b14-1-3\"  class=\"panel-grid-cell panel-grid-cell-empty\" ><\/div><div id=\"pgc-gb14-69f2038b38b14-1-4\"  class=\"panel-grid-cell\" ><div id=\"panel-gb14-69f2038b38b14-1-4-0\" class=\"so-panel widget widget_sow-editor panel-first-child panel-last-child\" data-index=\"4\" ><div\n\t\t\t\n\t\t\tclass=\"so-widget-sow-editor so-widget-sow-editor-base\"\n\t\t\t\n\t\t>\n<div class=\"siteorigin-widget-tinymce textwidget\">\n\t<h2 style=\"text-align: center;\"><a href=\"http:\/\/copplademun.imembrillos.gob.mx\/index.php\/3-desarrollo-social\/\"><span style=\"text-decoration: underline;\">3. Desarrollo Social<\/span><\/a><\/h2>\n<p>&nbsp;<\/p>\n<p>Este eje contempla los temas referentes a:<\/p>\n<p><span style=\"display: inline !important; float: none; background-color: transparent; color: #777777; cursor: text; font-family: 'Open Sans',Helvetica,Arial,sans-serif; font-size: 14.86px; font-style: normal; font-variant: normal; font-weight: 400; letter-spacing: normal; orphans: 2; text-align: left; text-decoration: none; text-indent: 0px; text-transform: none; -webkit-text-stroke-width: 0px; white-space: normal; word-spacing: 0px;\">a. Educaci\u00f3n<\/span><br \/>\n<span style=\"display: inline !important; float: none; background-color: transparent; color: #777777; cursor: text; font-family: 'Open Sans',Helvetica,Arial,sans-serif; font-size: 14.86px; font-style: normal; font-variant: normal; font-weight: 400; letter-spacing: normal; orphans: 2; text-align: left; text-decoration: none; text-indent: 0px; text-transform: none; -webkit-text-stroke-width: 0px; white-space: normal; word-spacing: 0px;\">b. Desarrollo Integral a la Familia Municipal (DIF)<\/span><br \/>\n<span style=\"display: inline !important; float: none; background-color: transparent; color: #777777; cursor: text; font-family: 'Open Sans',Helvetica,Arial,sans-serif; font-size: 14.86px; font-style: normal; font-variant: normal; font-weight: 400; letter-spacing: normal; orphans: 2; text-align: left; text-decoration: none; text-indent: 0px; text-transform: none; -webkit-text-stroke-width: 0px; white-space: normal; word-spacing: 0px;\">c. Desarrollo Social<\/span><br \/>\n<span style=\"display: inline !important; float: none; background-color: transparent; color: #777777; cursor: text; font-family: 'Open Sans',Helvetica,Arial,sans-serif; font-size: 14.86px; font-style: normal; font-variant: normal; font-weight: 400; letter-spacing: normal; orphans: 2; text-align: left; text-decoration: none; text-indent: 0px; text-transform: none; -webkit-text-stroke-width: 0px; white-space: normal; word-spacing: 0px;\">d. Atenci\u00f3n Ciudadana<\/span><br \/>\n<span style=\"display: inline !important; float: none; background-color: transparent; color: #777777; cursor: text; font-family: 'Open Sans',Helvetica,Arial,sans-serif; font-size: 14.86px; font-style: normal; font-variant: normal; font-weight: 400; letter-spacing: normal; orphans: 2; text-align: left; text-decoration: none; text-indent: 0px; text-transform: none; -webkit-text-stroke-width: 0px; white-space: normal; word-spacing: 0px;\">e. Cultura<\/span><br \/>\n<span style=\"display: inline !important; float: none; background-color: transparent; color: #777777; cursor: text; font-family: 'Open Sans',Helvetica,Arial,sans-serif; font-size: 14.86px; font-style: normal; font-variant: normal; font-weight: 400; letter-spacing: normal; orphans: 2; text-align: left; text-decoration: none; text-indent: 0px; text-transform: none; -webkit-text-stroke-width: 0px; white-space: normal; word-spacing: 0px;\">f. Deportes<\/span><br \/>\n<span style=\"display: inline !important; float: none; background-color: transparent; color: #777777; cursor: text; font-family: 'Open Sans',Helvetica,Arial,sans-serif; font-size: 14.86px; font-style: normal; font-variant: normal; font-weight: 400; letter-spacing: normal; orphans: 2; text-align: left; text-decoration: none; text-indent: 0px; text-transform: none; -webkit-text-stroke-width: 0px; white-space: normal; word-spacing: 0px;\">g. Servicios M\u00e9dicos<\/span><br \/>\n<span style=\"display: inline !important; float: none; background-color: transparent; color: #777777; cursor: text; font-family: 'Open Sans',Helvetica,Arial,sans-serif; font-size: 14.86px; font-style: normal; font-variant: normal; font-weight: 400; letter-spacing: normal; orphans: 2; text-align: left; text-decoration: none; text-indent: 0px; text-transform: none; -webkit-text-stroke-width: 0px; white-space: normal; word-spacing: 0px;\">h. Cementerios<\/span><br \/>\n<span style=\"display: inline !important; float: none; background-color: transparent; color: #777777; cursor: text; font-family: 'Open Sans',Helvetica,Arial,sans-serif; font-size: 14.86px; font-style: normal; font-variant: normal; font-weight: 400; letter-spacing: normal; orphans: 2; text-align: left; text-decoration: none; text-indent: 0px; text-transform: none; -webkit-text-stroke-width: 0px; white-space: normal; word-spacing: 0px;\">i. Delegaciones municipales<\/span><br \/>\n<span style=\"display: inline !important; float: none; background-color: transparent; color: #777777; cursor: text; font-family: 'Open Sans',Helvetica,Arial,sans-serif; font-size: 14.86px; font-style: normal; font-variant: normal; font-weight: 400; letter-spacing: normal; orphans: 2; text-align: left; text-decoration: none; text-indent: 0px; text-transform: none; -webkit-text-stroke-width: 0px; white-space: normal; word-spacing: 0px;\">j. Agencias Municipales<\/span><br \/>\n<span style=\"display: inline !important; float: none; background-color: transparent; color: #777777; cursor: text; font-family: 'Open Sans',Helvetica,Arial,sans-serif; font-size: 14.86px; font-style: normal; font-variant: normal; font-weight: 400; letter-spacing: normal; orphans: 2; text-align: left; text-decoration: none; text-indent: 0px; text-transform: none; -webkit-text-stroke-width: 0px; white-space: normal; word-spacing: 0px;\">k. Servicios P\u00fablicos<\/span><\/p>\n<p><a href=\"http:\/\/copplademun.imembrillos.gob.mx\/index.php\/3-desarrollo-social\/\">ir a encuesta<\/a><\/p>\n<\/div>\n<\/div><\/div><\/div><\/div><div id=\"pg-gb14-69f2038b38b14-2\"  class=\"panel-grid panel-no-style\" ><div id=\"pgc-gb14-69f2038b38b14-2-0\"  class=\"panel-grid-cell panel-grid-cell-empty\" ><\/div><\/div><div id=\"pg-gb14-69f2038b38b14-3\"  class=\"panel-grid panel-no-style\" ><div id=\"pgc-gb14-69f2038b38b14-3-0\"  class=\"panel-grid-cell\" ><div id=\"panel-gb14-69f2038b38b14-3-0-0\" class=\"so-panel widget widget_sow-editor panel-first-child panel-last-child\" data-index=\"5\" ><div\n\t\t\t\n\t\t\tclass=\"so-widget-sow-editor so-widget-sow-editor-base\"\n\t\t\t\n\t\t>\n<div class=\"siteorigin-widget-tinymce textwidget\">\n\t<h2 style=\"text-align: center;\"><a href=\"http:\/\/copplademun.imembrillos.gob.mx\/index.php\/4-medio-ambiente-y-territorial\/\"><u>4. Medio Ambiente y Territorio<\/u><\/a><\/h2>\n<p><span style=\"display: inline !important; float: none; background-color: transparent; color: #777777; font-family: 'Open Sans',Helvetica,Arial,sans-serif; font-size: 14.86px; font-style: normal; font-variant: normal; font-weight: 400; letter-spacing: normal; orphans: 2; text-align: left; text-decoration: none; text-indent: 0px; text-transform: none; -webkit-text-stroke-width: 0px; white-space: normal; word-spacing: 0px;\">Este eje contempla los temas referentes a:<\/span><\/p>\n<p>a. Sustentabilidad<br \/>\nb. Ecolog\u00eda<br \/>\nc. Obras P\u00fablicas<br \/>\nd. Desarrollo Urbano<br \/>\ne. Sistema de Agua Potable y Alcantarillado (SAMAPA)<\/p>\n<p><a href=\"http:\/\/copplademun.imembrillos.gob.mx\/index.php\/4-medio-ambiente-y-territorial\/\">ir a encuesta<\/a><\/p>\n<\/div>\n<\/div><\/div><\/div><div id=\"pgc-gb14-69f2038b38b14-3-1\"  class=\"panel-grid-cell panel-grid-cell-empty\" ><\/div><div id=\"pgc-gb14-69f2038b38b14-3-2\"  class=\"panel-grid-cell\" ><div id=\"panel-gb14-69f2038b38b14-3-2-0\" class=\"so-panel widget widget_sow-editor panel-first-child panel-last-child\" data-index=\"6\" ><div\n\t\t\t\n\t\t\tclass=\"so-widget-sow-editor so-widget-sow-editor-base\"\n\t\t\t\n\t\t>\n<div class=\"siteorigin-widget-tinymce textwidget\">\n\t<h2 style=\"text-align: center;\"><a href=\"http:\/\/copplademun.imembrillos.gob.mx\/index.php\/5-estado-de-derecho\/\"><u>5. Estado de Derecho<\/u><\/a><\/h2>\n<p><span style=\"display: inline !important; float: none; background-color: transparent; color: #777777; font-family: 'Open Sans',Helvetica,Arial,sans-serif; font-size: 14.86px; font-style: normal; font-variant: normal; font-weight: 400; letter-spacing: normal; orphans: 2; text-align: left; text-decoration: none; text-indent: 0px; text-transform: none; -webkit-text-stroke-width: 0px; white-space: normal; word-spacing: 0px;\">Este eje contempla los temas referentes a:<\/span><\/p>\n<p>a. Secretaria del Ayuntamiento<br \/>\nb. Seguridad P\u00fablica<br \/>\nc. Juzgado Municipal<br \/>\nd. Protecci\u00f3n Civil<\/p>\n<p><a href=\"http:\/\/copplademun.imembrillos.gob.mx\/index.php\/5-estado-de-derecho\/\">ir a encuesta<\/a><\/p>\n<\/div>\n<\/div><\/div><\/div><div id=\"pgc-gb14-69f2038b38b14-3-3\"  class=\"panel-grid-cell panel-grid-cell-empty\" ><\/div><div id=\"pgc-gb14-69f2038b38b14-3-4\"  class=\"panel-grid-cell\" ><div id=\"panel-gb14-69f2038b38b14-3-4-0\" class=\"so-panel widget widget_sow-editor panel-first-child panel-last-child\" data-index=\"7\" ><div\n\t\t\t\n\t\t\tclass=\"so-widget-sow-editor so-widget-sow-editor-base\"\n\t\t\t\n\t\t>\n<div class=\"siteorigin-widget-tinymce textwidget\">\n\t<h2 style=\"text-align: center;\"><a href=\"http:\/\/copplademun.imembrillos.gob.mx\/index.php\/6-igualdad-de-genero\/\"><u>6. Igualdad de Genero<\/u><\/a><\/h2>\n<p><span style=\"display: inline !important; float: none; background-color: transparent; color: #777777; font-family: 'Open Sans',Helvetica,Arial,sans-serif; font-size: 14.86px; font-style: normal; font-variant: normal; font-weight: 400; letter-spacing: normal; orphans: 2; text-align: left; text-decoration: none; text-indent: 0px; text-transform: none; -webkit-text-stroke-width: 0px; white-space: normal; word-spacing: 0px;\">Este eje contempla los temas referentes a:<\/span><\/p>\n<p>a. Instituto de las Mujeres<\/p>\n<p><a href=\"http:\/\/copplademun.imembrillos.gob.mx\/index.php\/6-igualdad-de-genero\/\">ir a encuesta<\/a><\/p>\n<\/div>\n<\/div><\/div><\/div><\/div><div id=\"pg-gb14-69f2038b38b14-4\"  class=\"panel-grid panel-no-style\" ><div id=\"pgc-gb14-69f2038b38b14-4-0\"  class=\"panel-grid-cell panel-grid-cell-empty\" ><\/div><\/div><div id=\"pg-gb14-69f2038b38b14-5\"  class=\"panel-grid panel-no-style\" ><div id=\"pgc-gb14-69f2038b38b14-5-0\"  class=\"panel-grid-cell\" ><div id=\"panel-gb14-69f2038b38b14-5-0-0\" class=\"so-panel widget widget_sow-editor panel-first-child panel-last-child\" data-index=\"8\" ><div\n\t\t\t\n\t\t\tclass=\"so-widget-sow-editor so-widget-sow-editor-base\"\n\t\t\t\n\t\t>\n<div class=\"siteorigin-widget-tinymce textwidget\">\n\t<h2 style=\"text-align: center;\"><strong>Foros Tem\u00e1ticos<\/strong><\/h2>\n<p><span style=\"margin: 0px; color: black; font-family: 'Arial',sans-serif; font-size: 10.5pt;\">Si lo prefieres podr\u00e1s asistir a los foros tem\u00e1ticos que se llevar\u00e1n a cabo en diferentes localidades del municipio, que tendr\u00e1n como objetivo propiciar la participaci\u00f3n de los ciudadanos y de los diversos sectores organizados del municipio para impulsar el desarrollo sustentable del territorio, la econom\u00eda y la sociedad de Ixtlahuac\u00e1n de los Membrillos en los pr\u00f3ximos a\u00f1os. Los foros abordar\u00e1n seis \u00e1reas tem\u00e1ticas generales:<\/span><\/p>\n<p><span style=\"margin: 0px; color: black; font-family: 'Arial',sans-serif; font-size: 10.5pt;\">1. Gesti\u00f3n P\u00fablica<\/span><\/p>\n<p><span style=\"margin: 0px; color: black; font-family: 'Arial',sans-serif; font-size: 10.5pt;\">2. Desarrollo Econ\u00f3mico<\/span><\/p>\n<p><span style=\"margin: 0px; color: black; font-family: 'Arial',sans-serif; font-size: 10.5pt;\">3. Desarrollo Social<\/span><\/p>\n<p><span style=\"margin: 0px; color: black; font-family: 'Arial',sans-serif; font-size: 10.5pt;\">4. Medio Ambiente y Territorio<\/span><\/p>\n<p><span style=\"margin: 0px; color: black; font-family: 'Arial',sans-serif; font-size: 10.5pt;\">5. Estado de Derecho<\/span><\/p>\n<p><span style=\"margin: 0px; color: black; font-family: 'Arial',sans-serif; font-size: 10.5pt;\">6. Igualdad de G\u00e9nero<\/span><\/p>\n<p><span style=\"margin: 0px; color: black; font-family: 'Arial',sans-serif; font-size: 10.5pt;\">Los foros tem\u00e1ticos se realizar\u00e1n del\u00a0<b>jueves 14 al lunes 18 de marzo de 2019<\/b>, de conformidad con el siguiente calendario:<\/span><\/p>\n<table style=\"width: 894px;\" width=\"585\">\n<tbody>\n<tr>\n<td style=\"width: 244.51px;\"><strong>Foro \u2013 <\/strong><strong>Tem\u00e1tica<\/strong><\/td>\n<td style=\"width: 176.84px;\"><strong>Fecha<\/strong><\/td>\n<td style=\"width: 123.34px;\"><strong>Horario<\/strong><\/td>\n<td style=\"width: 304.31px;\"><strong>Lugar<\/strong><\/td>\n<\/tr>\n<tr>\n<td style=\"width: 244.51px; text-align: left;\">1.\u00a0\u00a0\u00a0\u00a0 Gesti\u00f3n Publica<\/p>\n<p>5.\u00a0\u00a0\u00a0\u00a0 Estado de Derecho<\/p>\n<\/td>\n<td style=\"width: 176.84px;\">Jueves 14 de marzo<\/td>\n<td style=\"width: 123.34px;\">10:00 hrs.<\/td>\n<td style=\"width: 304.31px;\">Palacio Municipal de Ixtlahuac\u00e1n de los Membrillos; Jard\u00edn N.2<\/td>\n<\/tr>\n<tr>\n<td style=\"width: 244.51px; text-align: left;\">3.\u00a0\u00a0\u00a0\u00a0 Desarrollo Social<\/p>\n<p>6.\u00a0\u00a0\u00a0\u00a0 Igualdad de Genero<\/p>\n<\/td>\n<td style=\"width: 176.84px;\">Viernes 15 de marzo<\/td>\n<td style=\"width: 123.34px;\">10:00 hrs.<\/td>\n<td style=\"width: 304.31px;\">Domo polideportivo Olivos II<\/td>\n<\/tr>\n<tr>\n<td style=\"width: 244.51px; text-align: left;\">2.\u00a0\u00a0\u00a0\u00a0 Desarrollo Econ\u00f3mico<\/p>\n<p>4.\u00a0\u00a0\u00a0\u00a0 Medioambiente y territorio<\/p>\n<\/td>\n<td style=\"width: 176.84px;\">Lunes 18 de marzo<\/td>\n<td style=\"width: 123.34px;\">10:00 hrs.<\/td>\n<td style=\"width: 304.31px;\">Teatro de Atequiza; Atequiza<\/td>\n<\/tr>\n<\/tbody>\n<\/table>\n<p>&nbsp;<\/p>\n<\/div>\n<\/div><\/div><\/div><\/div><div id=\"pg-gb14-69f2038b38b14-6\"  class=\"panel-grid panel-no-style\" ><div id=\"pgc-gb14-69f2038b38b14-6-0\"  class=\"panel-grid-cell\" ><div id=\"panel-gb14-69f2038b38b14-6-0-0\" class=\"so-panel widget widget_sow-editor panel-first-child panel-last-child\" data-index=\"9\" ><div\n\t\t\t\n\t\t\tclass=\"so-widget-sow-editor so-widget-sow-editor-base\"\n\t\t\t\n\t\t>\n<div class=\"siteorigin-widget-tinymce textwidget\">\n\t<h2 style=\"text-align: center;\">\u00a1PARTICIPA!, TU OPINI\u00d3N CUENTA Y AYUDA AL DESARROLLO DE NUESTRO MUNICIPIO.<\/h2>\n<\/div>\n<\/div><\/div><\/div><\/div><\/div><\/p>\r\n<\/div>\r\n<\/div><\/div><\/div><\/div><\/div>","protected":false},"excerpt":{"rendered":"<p>Convocatoria para participar en la consulta p\u00fablica para integrar el plan municipal de desarrollo y gobernanza de Ixtlahuac\u00e1n de los Membrillos. Del&nbsp;24 al 28 de Enero de 2022 El Ayuntamiento Constitucional de Ixtlahuac\u00e1n de los Membrillos, Jalisco, a trav\u00e9s del Consejo de Participaci\u00f3n y Planeaci\u00f3n para el Desarrollo Municipal de&#8230;<\/p>\n","protected":false},"author":1,"featured_media":0,"parent":0,"menu_order":13,"comment_status":"closed","ping_status":"closed","template":"","meta":{"footnotes":""},"class_list":["post-14","page","type-page","status-publish","hentry"],"_links":{"self":[{"href":"http:\/\/copplademun.imembrillos.gob.mx\/index.php\/wp-json\/wp\/v2\/pages\/14","targetHints":{"allow":["GET"]}}],"collection":[{"href":"http:\/\/copplademun.imembrillos.gob.mx\/index.php\/wp-json\/wp\/v2\/pages"}],"about":[{"href":"http:\/\/copplademun.imembrillos.gob.mx\/index.php\/wp-json\/wp\/v2\/types\/page"}],"author":[{"embeddable":true,"href":"http:\/\/copplademun.imembrillos.gob.mx\/index.php\/wp-json\/wp\/v2\/users\/1"}],"replies":[{"embeddable":true,"href":"http:\/\/copplademun.imembrillos.gob.mx\/index.php\/wp-json\/wp\/v2\/comments?post=14"}],"version-history":[{"count":56,"href":"http:\/\/copplademun.imembrillos.gob.mx\/index.php\/wp-json\/wp\/v2\/pages\/14\/revisions"}],"predecessor-version":[{"id":152,"href":"http:\/\/copplademun.imembrillos.gob.mx\/index.php\/wp-json\/wp\/v2\/pages\/14\/revisions\/152"}],"wp:attachment":[{"href":"http:\/\/copplademun.imembrillos.gob.mx\/index.php\/wp-json\/wp\/v2\/media?parent=14"}],"curies":[{"name":"wp","href":"https:\/\/api.w.org\/{rel}","templated":true}]}}